{"id":4,"date":"2017-07-13T21:07:35","date_gmt":"2017-07-13T19:07:35","guid":{"rendered":"http:\/\/www.elektro-breitenbach.de\/?page_id=4"},"modified":"2026-04-13T09:10:47","modified_gmt":"2026-04-13T07:10:47","slug":"herzlich-willkommen","status":"publish","type":"page","link":"http:\/\/www.elektro-breitenbach.de\/","title":{"rendered":"Herzlich Willkommen"},"content":{"rendered":"<h1><\/h1>\n<h1 style=\"text-align: center;\"><strong><em><span style=\"color: #ff0000;\">E<\/span><\/em><span style=\"color: #ff0000;\"><em>lektro Breitenbach GmbH<\/em> <\/span><\/strong><\/h1>\n<h3 style=\"text-align: center;\"><span style=\"color: #ff0000;\"><strong> <img loading=\"lazy\" decoding=\"async\" class=\"alignnone  wp-image-82\" src=\"http:\/\/www.elektro-breitenbach.de\/wp-content\/uploads\/2017\/07\/e-blitz.gif\" alt=\"\" width=\"24\" height=\"29\" \/><\/strong><\/span> Meisterbetrieb seit 1946<\/h3>\n<h3 style=\"text-align: center;\"><img loading=\"lazy\" decoding=\"async\" class=\"wp-image-62 aligncenter\" src=\"http:\/\/www.elektro-breitenbach.de\/wp-content\/uploads\/2017\/07\/EB_LOGO_ACHT-300x300.jpg\" alt=\"\" width=\"300\" height=\"300\" srcset=\"http:\/\/www.elektro-breitenbach.de\/wp-content\/uploads\/2017\/07\/EB_LOGO_ACHT-300x300.jpg 300w, http:\/\/www.elektro-breitenbach.de\/wp-content\/uploads\/2017\/07\/EB_LOGO_ACHT-150x150.jpg 150w, http:\/\/www.elektro-breitenbach.de\/wp-content\/uploads\/2017\/07\/EB_LOGO_ACHT-768x768.jpg 768w, http:\/\/www.elektro-breitenbach.de\/wp-content\/uploads\/2017\/07\/EB_LOGO_ACHT-1024x1024.jpg 1024w\" sizes=\"auto, (max-width: 300px) 100vw, 300px\" \/><\/h3>\n<p style=\"text-align: center;\">Wir freuen uns, Sie auf unserer Internetseite begr\u00fc\u00dfen zu d\u00fcrfen.<\/p>\n<p style=\"text-align: center;\">Wir bieten Ihnen hier einen kurzen \u00dcberblick \u00fcber unser Unternehmen und unsere Leistungen.<\/p>\n<hr \/>\n<p style=\"text-align: center;\"><strong>Mitglied in der Elektroinnung<\/strong><\/p>\n<p><img loading=\"lazy\" decoding=\"async\" class=\"size-full wp-image-63 aligncenter\" src=\"http:\/\/www.elektro-breitenbach.de\/wp-content\/uploads\/2017\/07\/elolo.jpg\" alt=\"\" width=\"106\" height=\"98\" \/><\/p>\n<h5><\/h5>\n<h5 style=\"text-align: center;\"><strong>Mitglied im Handwerkerverbund der Raumexperten<\/strong><\/h5>\n<p><img loading=\"lazy\" decoding=\"async\" class=\"alignnone size-medium wp-image-99 aligncenter\" src=\"http:\/\/www.elektro-breitenbach.de\/wp-content\/uploads\/2017\/07\/Logo-300x94.jpg\" alt=\"\" width=\"300\" height=\"94\" srcset=\"http:\/\/www.elektro-breitenbach.de\/wp-content\/uploads\/2017\/07\/Logo-300x94.jpg 300w, http:\/\/www.elektro-breitenbach.de\/wp-content\/uploads\/2017\/07\/Logo.jpg 640w\" sizes=\"auto, (max-width: 300px) 100vw, 300px\" \/><\/p>\n<p style=\"text-align: center;\"><a href=\"http:\/\/www.raumexperten.de\">www.raumexperten.de<\/a><\/p>\n<hr \/>\n<h2><\/h2>\n<h2><span style=\"color: #ff0000;\">St\u00f6rungsdienst der Innung &#8211; Tel. 069 89 00 94 44<\/span><\/h2>\n<p>Ihre Elektroanlage ist ausgefallen? Kein Licht? Kein Strom? Ausfall wichtiger Ger\u00e4te? Pl\u00f6tzliche Probleme bei Ihrer Elektroinstallation?<\/p>\n<p>Die Elektrotechniker-Fachbetriebe der Elektroinnung Offenbach lassen Sie nicht im Dunkeln sitzen! Der St\u00f6rungsdienst der Elektroinnung ist auf Grund eines organisierten Bereitschaftsdienst-Systems der Innung f\u00fcr Sie im Not- und St\u00f6rungsfall erreichbar und k\u00fcmmert sich zeitnah um Ihr dringendes Problem in Stadt und Kreis Offenbach am Main. Qualifizierte Elektroniker reparieren Ihre Elektroanlage.<\/p>\n<p>\u00dcber o.g. Telefonnummer erreichen Sie unseren St\u00f6rungsdienst 24 Stunden am Tag, 7 Tage die Woche und 365 Tage im Jahr und werden zum diensthabenden Fachmann weiter geleitet.<\/p>\n<table border=\"0\" width=\"930\" cellspacing=\"0\" cellpadding=\"0\">\n<tbody>\n<tr>\n<td valign=\"top\">\n<table border=\"0\" width=\"510\" cellspacing=\"0\" cellpadding=\"0\" align=\"center\">\n<tbody>\n<tr>\n<td align=\"left\">Nachfolgend finden Sie aktuelle Nachrichten aus unserer Branche.<\/p>\n<table>\n<tbody>\n<tr>\n<td valign=\"top\"><a href=\"http:\/\/www.baulinks.de\/haustechnik\/elektroinstallation.htm\" target=\"_new\" rel=\"noopener noreferrer\">Elektroinstallation aktuell<\/a><\/td>\n<\/tr>\n<\/tbody>\n<\/table>\n<div class=\"items\">\n<ul>\n<li><a class=\"item\" href=\"http:\/\/www.baulinks.de\/webplugin\/2017\/1006.php4\" target=\"_new\" rel=\"noopener noreferrer\">Neue Brosch\u00fcre zur Elektromobilit\u00e4t und der Ladeinfrastruktur in Wohngeb\u00e4uden<\/a><br \/>\nNutzer von E-Fahrzeugen wollen so wenig wie m\u00f6glich auf \u00f6ffentliche Stromtankstellen angewiesen sein, sie bevorzugen eine Ladestation im privaten Bere..369.[\u00a0<a href=\"http:\/\/elektro-breitenbach.de\/?&amp;msg=1&amp;stcon=0\">Weiter lesen<\/a>\u00a0]<a><br \/>\n<\/a><\/li>\n<li><a class=\"item\" href=\"http:\/\/www.baulinks.de\/webplugin\/2017\/0999.php4\" target=\"_new\" rel=\"noopener noreferrer\">Klarstellung: Norm zum Einbau von Brandschutzschaltern ist gesetzlich nicht(!) verpflichtend<\/a><br \/>\nVerschiedene Medien berichteten in den vergangenen Wochen, dass ab Mitte Dezember 2017 der Einbau von Brandschutzschaltern verpflich\u00adtend vorgeschrieb..402.[\u00a0<a href=\"http:\/\/elektro-breitenbach.de\/?&amp;msg=2&amp;stcon=0\">Weiter lesen<\/a>\u00a0]<a><br \/>\n<\/a><\/li>\n<li><a class=\"item\" href=\"http:\/\/www.baulinks.de\/webplugin\/2017\/0874.php4\" target=\"_new\" rel=\"noopener noreferrer\">Fachmesse EM-Power thematisiert smarte Energienutzung und erg\u00e4nzt ab 2018 Intersolar und ees<\/a><br \/>\nVon passiven Energieabnehmern zu wesentlichen Akteuren: Hausbesit\u00adzer werden in der neuen Energiewelt zu ?Prosumern?, die Energie eben auch selbst pro..371.[\u00a0<a href=\"http:\/\/elektro-breitenbach.de\/?&amp;msg=3&amp;stcon=0\">Weiter lesen<\/a>\u00a0]<a><br \/>\n<\/a><\/li>\n<li><a class=\"item\" href=\"http:\/\/www.baulinks.de\/webplugin\/2017\/0685.php4\" target=\"_new\" rel=\"noopener noreferrer\">Brandschutzschalter gem\u00e4\u00df aktualisierter DIN VDE 0100-420 \u00e0 la Hager<\/a><br \/>\nBereits seit dem 1. Februar 2016 ist die aktualisierte Fassung der DIN VDE 0100-420 in Kraft. Sie verlangt f\u00fcr Niederspannungsanlagen erst\u00admalig den E..427.[\u00a0<a href=\"http:\/\/elektro-breitenbach.de\/?&amp;msg=4&amp;stcon=0\">Weiter lesen<\/a>]<a><br \/>\n<\/a><\/li>\n<li><a class=\"item\" href=\"http:\/\/www.baulinks.de\/webplugin\/2017\/0684.php4\" target=\"_new\" rel=\"noopener noreferrer\">Rehau erweitert sein Programm um Mikrokabelrohre f\u00fcr FTTD-Verkabelungen<\/a><br \/>\nF\u00fcr die Hochgeschwindigkeits-Daten\u00fcbertragung bis zum Schreibtisch (FTTD) hat Rehau sein Produktportfolio im Bereich der Telekommunika\u00adtion mit Rauspe..358.[\u00a0<a href=\"http:\/\/elektro-breitenbach.de\/?&amp;msg=5&amp;stcon=0\">Weiter lesen<\/a>\u00a0]<a><br \/>\n<\/a><\/li>\n<\/ul>\n<\/div>\n<\/td>\n<\/tr>\n<\/tbody>\n<\/table>\n<\/td>\n<td valign=\"top\" width=\"175\">\n<table class=\"maintempcolor\" style=\"height: 35px;\" border=\"0\" width=\"171\" cellpadding=\"0\">\n<tbody>\n<tr>\n<td class=\"style2\" width=\"171\"><\/td>\n<\/tr>\n<\/tbody>\n<\/table>\n<\/td>\n<\/tr>\n<\/tbody>\n<\/table>\n","protected":false},"excerpt":{"rendered":"<p>Elektro Breitenbach GmbH Meisterbetrieb seit 1946 Wir freuen uns, Sie auf unserer Internetseite begr\u00fc\u00dfen zu d\u00fcrfen. Wir bieten Ihnen hier<\/p>\n","protected":false},"author":1,"featured_media":55,"parent":0,"menu_order":0,"comment_status":"closed","ping_status":"closed","template":"","meta":{"footnotes":""},"class_list":["post-4","page","type-page","status-publish","has-post-thumbnail","hentry"],"_links":{"self":[{"href":"http:\/\/www.elektro-breitenbach.de\/index.php\/wp-json\/wp\/v2\/pages\/4","targetHints":{"allow":["GET"]}}],"collection":[{"href":"http:\/\/www.elektro-breitenbach.de\/index.php\/wp-json\/wp\/v2\/pages"}],"about":[{"href":"http:\/\/www.elektro-breitenbach.de\/index.php\/wp-json\/wp\/v2\/types\/page"}],"author":[{"embeddable":true,"href":"http:\/\/www.elektro-breitenbach.de\/index.php\/wp-json\/wp\/v2\/users\/1"}],"replies":[{"embeddable":true,"href":"http:\/\/www.elektro-breitenbach.de\/index.php\/wp-json\/wp\/v2\/comments?post=4"}],"version-history":[{"count":44,"href":"http:\/\/www.elektro-breitenbach.de\/index.php\/wp-json\/wp\/v2\/pages\/4\/revisions"}],"predecessor-version":[{"id":386,"href":"http:\/\/www.elektro-breitenbach.de\/index.php\/wp-json\/wp\/v2\/pages\/4\/revisions\/386"}],"wp:featuredmedia":[{"embeddable":true,"href":"http:\/\/www.elektro-breitenbach.de\/index.php\/wp-json\/wp\/v2\/media\/55"}],"wp:attachment":[{"href":"http:\/\/www.elektro-breitenbach.de\/index.php\/wp-json\/wp\/v2\/media?parent=4"}],"curies":[{"name":"wp","href":"https:\/\/api.w.org\/{rel}","templated":true}]}}